{"id":9,"date":"2014-02-25T11:48:03","date_gmt":"2014-02-25T11:48:03","guid":{"rendered":"http:\/\/iiinnnttteeerrrnnneeettt.com\/?page_id=9"},"modified":"2018-06-01T21:15:03","modified_gmt":"2018-06-01T20:15:03","slug":"localitzacio","status":"publish","type":"page","link":"https:\/\/www.sonalegrepetit.com\/es\/localizacion\/","title":{"rendered":"Localizaci\u00f3n"},"content":{"rendered":"<p><div class=\"eight columns alpha\">\n<h2>C\u00f3mo llegar<\/h2>\n<div class=\"list-alternate\">\n<ul>\n<li><a href=\"https:\/\/www.google.es\/maps\/dir\/39.7018308,3.1022244\/39.6809926,3.1226506\/@39.691621,3.0951708,14z\/data=!3m1!4b1!4m4!4m3!1m0!1m0!3e0?hl=ca\" target=\"_blank\">Com llegar paso a paso <\/a><\/li>\n<li><a href=\"https:\/\/www.google.es\/maps\/@39.688426,3.111099,3a,75y,129.81h,73.48t\/data=!3m4!1e1!3m2!1sSdj2mx9CxF-Z-gP2tkWNGQ!2e0!6m1!1e1?hl=ca\" target=\"_blank\">Camino Rotes dels Cavallers<\/a><\/li>\n<\/ul>\n<p><\/div> <\/div><\/p>\n<div class=\"eight columns omega\">\n<h2>Detalles de contacto<\/h2>\n<ul>\n<li><strong>Finca Son Alegre<\/strong><\/li>\n<li>Camino de Son Forat; Pol\u00edgono, 9; parcela 113.<\/li>\n<li>07450 Santa Margalida, Mallorca; Islas Baleares, Espa\u00f1a<\/li>\n<li>Tel\u00e9fono:\u00a0+34 616 149 022<\/li>\n<\/ul>\n<\/div><div class=\"clear\"><\/div>\n<h2>Env\u00edenos su consulta<\/h2>\n<p>Si desea obtener m\u00e1s informaci\u00f3n de la Finca Son Alegre o tiene alguna duda sobre las reservas, env\u00edenos su consulta y nos pondremos en contacto con usted. Muchas gracias.<br \/>\n\n<div class=\"wpcf7 no-js\" id=\"wpcf7-f1707-o2\" lang=\"ca\" dir=\"ltr\" data-wpcf7-id=\"1707\">\n<div class=\"screen-reader-response\"><p role=\"status\" aria-live=\"polite\" aria-atomic=\"true\"><\/p> <ul><\/ul><\/div>\n<form action=\"\/es\/wp-json\/wp\/v2\/pages\/9#wpcf7-f1707-o2\" method=\"post\" class=\"wpcf7-form init wpcf7-acceptance-as-validation\" aria-label=\"Formulari de contacte\" novalidate=\"novalidate\" data-status=\"init\">\n<div style=\"display: none;\">\n<input type=\"hidden\" name=\"_wpcf7\" value=\"1707\" \/>\n<input type=\"hidden\" name=\"_wpcf7_version\" value=\"6.0.6\" \/>\n<input type=\"hidden\" name=\"_wpcf7_locale\" value=\"ca\" \/>\n<input type=\"hidden\" name=\"_wpcf7_unit_tag\" value=\"wpcf7-f1707-o2\" \/>\n<input type=\"hidden\" name=\"_wpcf7_container_post\" value=\"0\" \/>\n<input type=\"hidden\" name=\"_wpcf7_posted_data_hash\" value=\"\" \/>\n<\/div>\n<p>Nombre (obligatorio)\n<\/p>\n<p><span class=\"wpcf7-form-control-wrap\" data-name=\"your-name\"><input size=\"40\" maxlength=\"400\" class=\"wpcf7-form-control wpcf7-text wpcf7-validates-as-required\" aria-required=\"true\" aria-invalid=\"false\" value=\"\" type=\"text\" name=\"your-name\" \/><\/span>\n<\/p>\n<p>Email (obligatorio)\n<\/p>\n<p><span class=\"wpcf7-form-control-wrap\" data-name=\"your-email\"><input size=\"40\" maxlength=\"400\" class=\"wpcf7-form-control wpcf7-email wpcf7-validates-as-required wpcf7-text wpcf7-validates-as-email\" aria-required=\"true\" aria-invalid=\"false\" value=\"\" type=\"email\" name=\"your-email\" \/><\/span>\n<\/p>\n<p>Tel\u00e9fono (obligatorio)\n<\/p>\n<p><span class=\"wpcf7-form-control-wrap\" data-name=\"your-tel\"><input size=\"40\" maxlength=\"400\" class=\"wpcf7-form-control wpcf7-text wpcf7-validates-as-required\" aria-required=\"true\" aria-invalid=\"false\" value=\"\" type=\"text\" name=\"your-tel\" \/><\/span>\n<\/p>\n<p>Direcci\u00f3n\n<\/p>\n<p><span class=\"wpcf7-form-control-wrap\" data-name=\"your-direccion\"><input size=\"40\" maxlength=\"400\" class=\"wpcf7-form-control wpcf7-text\" aria-invalid=\"false\" value=\"\" type=\"text\" name=\"your-direccion\" \/><\/span>\n<\/p>\n<p>Pa\u00eds\n<\/p>\n<p><span class=\"wpcf7-form-control-wrap\" data-name=\"your-pais\"><input size=\"40\" maxlength=\"400\" class=\"wpcf7-form-control wpcf7-text\" aria-invalid=\"false\" value=\"\" type=\"text\" name=\"your-pais\" \/><\/span>\n<\/p>\n<p>Asunto (obligatorio)\n<\/p>\n<p><span class=\"wpcf7-form-control-wrap\" data-name=\"your-subject\"><input size=\"40\" maxlength=\"400\" class=\"wpcf7-form-control wpcf7-text wpcf7-validates-as-required\" aria-required=\"true\" aria-invalid=\"false\" value=\"\" type=\"text\" name=\"your-subject\" \/><\/span>\n<\/p>\n<p>Consulta\n<\/p>\n<p><span class=\"wpcf7-form-control-wrap\" data-name=\"your-message\"><textarea cols=\"40\" rows=\"10\" maxlength=\"2000\" class=\"wpcf7-form-control wpcf7-textarea\" aria-invalid=\"false\" name=\"your-message\"><\/textarea><\/span>\n<\/p>\n<p><label class=\"termsandconditions\"><span class=\"wpcf7-form-control-wrap\" data-name=\"accepto-clausula-privacidad\"><span class=\"wpcf7-form-control wpcf7-acceptance\"><span class=\"wpcf7-list-item\"><input type=\"checkbox\" name=\"accepto-clausula-privacidad\" value=\"1\" aria-invalid=\"false\" \/><\/span><\/span><\/span> He le\u00eddo y acepto la <a href=\"http:\/\/www.sonalegrepetit.com\/es\/aviso-legal\/#privacidad\">CL\u00c1USULA DE PRIVACIDAD<\/a><label><br \/>\n<\/label><\/label>\n<\/p>\n<p><input class=\"wpcf7-form-control wpcf7-submit has-spinner\" type=\"submit\" value=\"Enviar\" \/>\n<\/p><p style=\"display: none !important;\" class=\"akismet-fields-container\" data-prefix=\"_wpcf7_ak_\"><label>&#916;<textarea name=\"_wpcf7_ak_hp_textarea\" cols=\"45\" rows=\"8\" maxlength=\"100\"><\/textarea><\/label><input type=\"hidden\" id=\"ak_js_2\" name=\"_wpcf7_ak_js\" value=\"66\"\/><script type=\"text\/javascript\">\n\/* <![CDATA[ *\/\ndocument.getElementById( \"ak_js_2\" ).setAttribute( \"value\", ( new Date() ).getTime() );\n\/* ]]> *\/\n<\/script>\n<\/p><div class=\"wpcf7-response-output\" aria-hidden=\"true\"><\/div>\n<\/form>\n<\/div>\n<\/p>","protected":false},"excerpt":{"rendered":"<p>Env\u00edenos su consulta Si desea obtener m\u00e1s informaci\u00f3n de la Finca Son Alegre o tiene alguna duda sobre las reservas, env\u00edenos su consulta y nos pondremos en contacto con usted. Muchas gracias.<\/p>\n","protected":false},"author":1,"featured_media":0,"parent":0,"menu_order":0,"comment_status":"open","ping_status":"open","template":"","meta":{"footnotes":""},"class_list":["post-9","page","type-page","status-publish","hentry"],"yoast_head":"<!-- This site is optimized with the Yoast SEO plugin v25.6 - https:\/\/yoast.com\/wordpress\/plugins\/seo\/ -->\n<title>Son Alegre{:d<\/title>\n<meta name=\"robots\" content=\"index, follow, max-snippet:-1, max-image-preview:large, max-video-preview:-1\" \/>\n<link rel=\"canonical\" href=\"https:\/\/www.sonalegrepetit.com\/location\/\" \/>\n<meta property=\"og:locale\" content=\"es_ES\" \/>\n<meta property=\"og:type\" content=\"article\" \/>\n<meta property=\"og:title\" content=\"Son Alegre{:d\" \/>\n<meta property=\"og:description\" content=\"Env\u00edenos su consulta Si desea obtener m\u00e1s informaci\u00f3n de la Finca Son Alegre o tiene alguna duda sobre las reservas, env\u00edenos su consulta y nos pondremos en contacto con usted. Muchas gracias.\" \/>\n<meta property=\"og:url\" content=\"https:\/\/www.sonalegrepetit.com\/location\/\" \/>\n<meta property=\"og:site_name\" content=\"Son Alegre Petit\" \/>\n<meta property=\"article:modified_time\" content=\"2018-06-01T20:15:03+00:00\" \/>\n<meta name=\"twitter:card\" content=\"summary_large_image\" \/>\n<meta name=\"twitter:label1\" content=\"Tiempo de lectura\" \/>\n\t<meta name=\"twitter:data1\" content=\"2 minutos\" \/>\n<script type=\"application\/ld+json\" class=\"yoast-schema-graph\">{\"@context\":\"https:\/\/schema.org\",\"@graph\":[{\"@type\":\"WebPage\",\"@id\":\"https:\/\/www.sonalegrepetit.com\/location\/\",\"url\":\"https:\/\/www.sonalegrepetit.com\/location\/\",\"name\":\"Son Alegre{:d\",\"isPartOf\":{\"@id\":\"https:\/\/www.sonalegrepetit.com\/#website\"},\"datePublished\":\"2014-02-25T11:48:03+00:00\",\"dateModified\":\"2018-06-01T20:15:03+00:00\",\"breadcrumb\":{\"@id\":\"https:\/\/www.sonalegrepetit.com\/location\/#breadcrumb\"},\"inLanguage\":\"es\",\"potentialAction\":[{\"@type\":\"ReadAction\",\"target\":[\"https:\/\/www.sonalegrepetit.com\/location\/\"]}]},{\"@type\":\"BreadcrumbList\",\"@id\":\"https:\/\/www.sonalegrepetit.com\/location\/#breadcrumb\",\"itemListElement\":[{\"@type\":\"ListItem\",\"position\":1,\"name\":\"Portada\",\"item\":\"http:\/\/www.sonalegrepetit.com\/\"},{\"@type\":\"ListItem\",\"position\":2,\"name\":\"Location\"}]},{\"@type\":\"WebSite\",\"@id\":\"https:\/\/www.sonalegrepetit.com\/#website\",\"url\":\"https:\/\/www.sonalegrepetit.com\/\",\"name\":\"Son Alegre Petit\",\"description\":\"Casa para alquilar en Mallorca\",\"potentialAction\":[{\"@type\":\"SearchAction\",\"target\":{\"@type\":\"EntryPoint\",\"urlTemplate\":\"https:\/\/www.sonalegrepetit.com\/?s={search_term_string}\"},\"query-input\":{\"@type\":\"PropertyValueSpecification\",\"valueRequired\":true,\"valueName\":\"search_term_string\"}}],\"inLanguage\":\"es\"}]}<\/script>\n<!-- \/ Yoast SEO plugin. -->","yoast_head_json":{"title":"Son Alegre{:d","robots":{"index":"index","follow":"follow","max-snippet":"max-snippet:-1","max-image-preview":"max-image-preview:large","max-video-preview":"max-video-preview:-1"},"canonical":"https:\/\/www.sonalegrepetit.com\/location\/","og_locale":"es_ES","og_type":"article","og_title":"Son Alegre{:d","og_description":"Env\u00edenos su consulta Si desea obtener m\u00e1s informaci\u00f3n de la Finca Son Alegre o tiene alguna duda sobre las reservas, env\u00edenos su consulta y nos pondremos en contacto con usted. Muchas gracias.","og_url":"https:\/\/www.sonalegrepetit.com\/location\/","og_site_name":"Son Alegre Petit","article_modified_time":"2018-06-01T20:15:03+00:00","twitter_card":"summary_large_image","twitter_misc":{"Tiempo de lectura":"2 minutos"},"schema":{"@context":"https:\/\/schema.org","@graph":[{"@type":"WebPage","@id":"https:\/\/www.sonalegrepetit.com\/location\/","url":"https:\/\/www.sonalegrepetit.com\/location\/","name":"Son Alegre{:d","isPartOf":{"@id":"https:\/\/www.sonalegrepetit.com\/#website"},"datePublished":"2014-02-25T11:48:03+00:00","dateModified":"2018-06-01T20:15:03+00:00","breadcrumb":{"@id":"https:\/\/www.sonalegrepetit.com\/location\/#breadcrumb"},"inLanguage":"es","potentialAction":[{"@type":"ReadAction","target":["https:\/\/www.sonalegrepetit.com\/location\/"]}]},{"@type":"BreadcrumbList","@id":"https:\/\/www.sonalegrepetit.com\/location\/#breadcrumb","itemListElement":[{"@type":"ListItem","position":1,"name":"Portada","item":"http:\/\/www.sonalegrepetit.com\/"},{"@type":"ListItem","position":2,"name":"Location"}]},{"@type":"WebSite","@id":"https:\/\/www.sonalegrepetit.com\/#website","url":"https:\/\/www.sonalegrepetit.com\/","name":"Son Alegre Petit","description":"Casa para alquilar en Mallorca","potentialAction":[{"@type":"SearchAction","target":{"@type":"EntryPoint","urlTemplate":"https:\/\/www.sonalegrepetit.com\/?s={search_term_string}"},"query-input":{"@type":"PropertyValueSpecification","valueRequired":true,"valueName":"search_term_string"}}],"inLanguage":"es"}]}},"_links":{"self":[{"href":"https:\/\/www.sonalegrepetit.com\/es\/wp-json\/wp\/v2\/pages\/9"}],"collection":[{"href":"https:\/\/www.sonalegrepetit.com\/es\/wp-json\/wp\/v2\/pages"}],"about":[{"href":"https:\/\/www.sonalegrepetit.com\/es\/wp-json\/wp\/v2\/types\/page"}],"author":[{"embeddable":true,"href":"https:\/\/www.sonalegrepetit.com\/es\/wp-json\/wp\/v2\/users\/1"}],"replies":[{"embeddable":true,"href":"https:\/\/www.sonalegrepetit.com\/es\/wp-json\/wp\/v2\/comments?post=9"}],"version-history":[{"count":20,"href":"https:\/\/www.sonalegrepetit.com\/es\/wp-json\/wp\/v2\/pages\/9\/revisions"}],"predecessor-version":[{"id":2314,"href":"https:\/\/www.sonalegrepetit.com\/es\/wp-json\/wp\/v2\/pages\/9\/revisions\/2314"}],"wp:attachment":[{"href":"https:\/\/www.sonalegrepetit.com\/es\/wp-json\/wp\/v2\/media?parent=9"}],"curies":[{"name":"wp","href":"https:\/\/api.w.org\/{rel}","templated":true}]}}